{"id":2,"date":"2016-05-10T03:48:21","date_gmt":"2016-05-10T03:48:21","guid":{"rendered":"http:\/\/minedinterieurs.fr\/?page_id=2"},"modified":"2026-04-06T14:25:14","modified_gmt":"2026-04-06T14:25:14","slug":"sample-page","status":"publish","type":"page","link":"https:\/\/minedinterieurs.fr\/?page_id=2","title":{"rendered":"A PROPOS"},"content":{"rendered":"\n<div class=\"wp-block-media-text alignwide has-media-on-the-right is-stacked-on-mobile\" style=\"grid-template-columns:auto 55%\"><div class=\"wp-block-media-text__content\">\n<p><\/p>\n\n\n\n<p><\/p>\n\n\n\n<p style=\"font-size:14px\"><strong>MON M\u00c9TIER :<\/strong>                                                              Architecte d&rsquo;int\u00e9rieur FREE LANCE \u00e0 destination des professionnels du b\u00e2timent.<\/p>\n\n\n\n<p style=\"font-size:14px\"> <strong>5 ANS D\u2019EXP\u00c9RIENCE :<\/strong>                                                -Design Retail &amp; r\u00e9novations                                                -Rapidit\u00e9 d&rsquo;ex\u00e9cution                                                         -Autonome et polyvalente    <\/p>\n\n\n\n<p style=\"font-size:14px\"> <strong>MES DIPL\u00d4MES : <\/strong>                                                             -Lisaa Rennes                                                                        -Ensa Nantes                                                                                  -UPV Valence (Espagne) <\/p>\n\n\n\n<p style=\"font-size:14px\"><strong>POUR QUI :<\/strong>                                                                      -Architectes DPLG                                                        -Architectes d&rsquo;int\u00e9rieur                                                        -Ma\u00eetres d\u2019\u0153uvres                                                               -Ma\u00eetre d&rsquo;ouvrages                                                          -D\u00e9corateurs                                                                  -Agenceurs <\/p>\n\n\n\n<p><\/p>\n\n\n\n<p class=\"has-text-align-right\" style=\"font-size:14px\"><sup>FANNY QUILLET<\/sup><\/p>\n<\/div><figure class=\"wp-block-media-text__media\"><img loading=\"lazy\" decoding=\"async\" width=\"1024\" height=\"971\" src=\"https:\/\/minedinterieurs.fr\/wp-content\/uploads\/2024\/03\/photo-malt-1024x971.jpg\" alt=\"\" class=\"wp-image-1173 size-full\" srcset=\"https:\/\/minedinterieurs.fr\/wp-content\/uploads\/2024\/03\/photo-malt-1024x971.jpg 1024w, https:\/\/minedinterieurs.fr\/wp-content\/uploads\/2024\/03\/photo-malt-300x284.jpg 300w, https:\/\/minedinterieurs.fr\/wp-content\/uploads\/2024\/03\/photo-malt-768x728.jpg 768w, https:\/\/minedinterieurs.fr\/wp-content\/uploads\/2024\/03\/photo-malt.jpg 1315w\" sizes=\"auto, (max-width: 1024px) 100vw, 1024px\" \/><\/figure><\/div>\n\n\n\n<div class=\"wp-block-group alignwide\"><div class=\"wp-block-group__inner-container is-layout-flow wp-block-group-is-layout-flow\">\n<p><strong>MES SERVICES <\/strong><\/p>\n\n\n\n<p>Relev\u00e9 de cotes<br>Plans coupes 2D<br>Plans techniques<br>Mod\u00e9lisation 3D<br>Rendu HD<br>Dossiers administratifs (DP-PC)<\/p>\n\n\n\n<p><strong>MES LOGICIELS<\/strong><\/p>\n\n\n\n<p>AutoCAD<br>SketchUp<br>Twinmotion<br>Suite Adobe<\/p>\n\n\n\n<p><strong>COMMENT ON FONCTIONNE AVEC UN FREE-LANCE ?<\/strong><\/p>\n\n\n\n<ul class=\"wp-block-list\">\n<li>Travail \u00e0 distance : points t\u00e9l\u00e9phoniques ou visio avec partage d&rsquo;\u00e9cran possible<\/li>\n\n\n\n<li>Travail en pr\u00e9sentiel 2j\/semaine (d\u00e9partements 35-22-56)<\/li>\n\n\n\n<li>Flexibilit\u00e9 de l&rsquo;agenda                                                                                   <\/li>\n<\/ul>\n\n\n\n<p><strong>COMBIEN CA COUTE ?<\/strong><\/p>\n\n\n\n<p><\/p>\n\n\n\n<p>Pour toute mission, j&rsquo;\u00e9tablis un devis estimatif d\u00e9taill\u00e9. <\/p>\n\n\n\n<p> Pour un client en direct j&rsquo;\u00e9tablis un devis sur-mesure en fonction des particularit\u00e9s de son projet.<\/p>\n\n\n\n<p>Install\u00e9e sur le bassin Malouin, je me d\u00e9place aussi en Bretagne et travaille \u00e0 distance selon la faisabilit\u00e9 du projet.                                  N&rsquo;h\u00e9sitez pas \u00e0 <a href=\"https:\/\/minedinterieurs.fr\/?page_id=17\" data-type=\"URL\" data-id=\"https:\/\/minedinterieurs.fr\/?page_id=17\">me contacter <\/a>pour en savoir plus.<\/p>\n\n\n\n<p>&nbsp;<\/p>\n<\/div><\/div>\n\n\n\n<ul class=\"wp-block-social-links alignright is-layout-flex wp-block-social-links-is-layout-flex\">\n\n\n\n\n\n\n\n\n\n<\/ul>\n\n\n\n<p>&nbsp;<\/p>\n\n\n\n<p><\/p>\n","protected":false},"excerpt":{"rendered":"<p>MON M\u00c9TIER : Architecte d&rsquo;int\u00e9rieur FREE LANCE \u00e0 destination des professionnels du b\u00e2timent. 5 ANS D\u2019EXP\u00c9RIENCE : -Design Retail &amp; r\u00e9novations -Rapidit\u00e9 d&rsquo;ex\u00e9cution -Autonome et polyvalente MES DIPL\u00d4MES : -Lisaa Rennes -Ensa Nantes -UPV Valence (Espagne) POUR QUI : -Architectes DPLG -Architectes d&rsquo;int\u00e9rieur -Ma\u00eetres d\u2019\u0153uvres -Ma\u00eetre d&rsquo;ouvrages -D\u00e9corateurs -Agenceurs FANNY QUILLET MES SERVICES Relev\u00e9 de&hellip; <\/p>\n","protected":false},"author":1,"featured_media":0,"parent":0,"menu_order":0,"comment_status":"closed","ping_status":"closed","template":"","meta":{"footnotes":""},"class_list":["post-2","page","type-page","status-publish","hentry"],"_links":{"self":[{"href":"https:\/\/minedinterieurs.fr\/index.php?rest_route=\/wp\/v2\/pages\/2","targetHints":{"allow":["GET"]}}],"collection":[{"href":"https:\/\/minedinterieurs.fr\/index.php?rest_route=\/wp\/v2\/pages"}],"about":[{"href":"https:\/\/minedinterieurs.fr\/index.php?rest_route=\/wp\/v2\/types\/page"}],"author":[{"embeddable":true,"href":"https:\/\/minedinterieurs.fr\/index.php?rest_route=\/wp\/v2\/users\/1"}],"replies":[{"embeddable":true,"href":"https:\/\/minedinterieurs.fr\/index.php?rest_route=%2Fwp%2Fv2%2Fcomments&post=2"}],"version-history":[{"count":131,"href":"https:\/\/minedinterieurs.fr\/index.php?rest_route=\/wp\/v2\/pages\/2\/revisions"}],"predecessor-version":[{"id":1363,"href":"https:\/\/minedinterieurs.fr\/index.php?rest_route=\/wp\/v2\/pages\/2\/revisions\/1363"}],"wp:attachment":[{"href":"https:\/\/minedinterieurs.fr\/index.php?rest_route=%2Fwp%2Fv2%2Fmedia&parent=2"}],"curies":[{"name":"wp","href":"https:\/\/api.w.org\/{rel}","templated":true}]}}